{"id":1386,"date":"2024-03-14T16:52:11","date_gmt":"2024-03-14T15:52:11","guid":{"rendered":"https:\/\/beewild.be\/?page_id=1386"},"modified":"2024-04-23T23:17:19","modified_gmt":"2024-04-23T21:17:19","slug":"agenda","status":"publish","type":"page","link":"https:\/\/beewild.be\/index.php\/agenda\/","title":{"rendered":"Agenda"},"content":{"rendered":"\n<p>Ici vous retrouverez tous les \u00e9v\u00e9nements ou les projets de Beewild.<\/p>\n\n\n\n<div style=\"height:60px\" aria-hidden=\"true\" class=\"wp-block-spacer\"><\/div>\n\n\n\n<div class=\"wp-block-query is-layout-flow wp-block-query-is-layout-flow\"><ul class=\"columns-3 wp-block-post-template is-layout-grid wp-container-core-post-template-is-layout-2fc57c17 wp-block-post-template-is-layout-grid\"><li class=\"wp-block-post post-1663 post type-post status-publish format-standard has-post-thumbnail hentry category-agenda\">\n\n<div class=\"wp-block-group\" style=\"padding-top:30px;padding-right:30px;padding-bottom:30px;padding-left:30px\"><div class=\"wp-block-group__inner-container is-layout-flow wp-block-group-is-layout-flow\">\n<div class=\"wp-block-group\"><div class=\"wp-block-group__inner-container is-layout-constrained wp-block-group-is-layout-constrained\"><figure style=\"aspect-ratio:1;\" class=\"wp-block-post-featured-image\"><a href=\"https:\/\/beewild.be\/index.php\/2024\/04\/23\/atelier-hotel-a-insectes-a-la-fete-des-simples-le-dimanche-19-mai-2024\/\" target=\"_self\"  ><img loading=\"lazy\" decoding=\"async\" width=\"1134\" height=\"747\" src=\"https:\/\/beewild.be\/wp-content\/uploads\/2024\/04\/Screenshot-2024-04-23-at-23-28-09-Facebook.png\" class=\"attachment-post-thumbnail size-post-thumbnail wp-post-image\" alt=\"Atelier H\u00f4tel \u00e0 Insectes \u00e0 la F\u00eate des Simples le dimanche 19 mai 2024\" style=\"width:100%;height:100%;object-fit:cover;\" srcset=\"https:\/\/beewild.be\/wp-content\/uploads\/2024\/04\/Screenshot-2024-04-23-at-23-28-09-Facebook.png 1134w, https:\/\/beewild.be\/wp-content\/uploads\/2024\/04\/Screenshot-2024-04-23-at-23-28-09-Facebook-300x198.png 300w, https:\/\/beewild.be\/wp-content\/uploads\/2024\/04\/Screenshot-2024-04-23-at-23-28-09-Facebook-1024x675.png 1024w, https:\/\/beewild.be\/wp-content\/uploads\/2024\/04\/Screenshot-2024-04-23-at-23-28-09-Facebook-768x506.png 768w\" sizes=\"auto, (max-width: 1134px) 100vw, 1134px\" \/><\/a><\/figure><\/div><\/div>\n\n\n<h3 class=\"greennature-blog-title wp-block-post-title\"><a href=\"https:\/\/beewild.be\/index.php\/2024\/04\/23\/atelier-hotel-a-insectes-a-la-fete-des-simples-le-dimanche-19-mai-2024\/\" target=\"_self\" >Atelier H\u00f4tel \u00e0 Insectes \u00e0 la F\u00eate des Simples le dimanche 19 mai 2024<\/a><\/h3>\n\n<div class=\"wp-block-post-excerpt has-small-font-size\"><p class=\"wp-block-post-excerpt__excerpt\">Vous pourrez y apprendre des tas de choses sur l&rsquo;importance des pollinisateurs et des insectes auxiliaires pour la biodiversit\u00e9, et y fabriquer votre propre h\u00f4tel \u00e0 insectes. Un atelier donn\u00e9 par Philippe Petiau, fondateur de Beewild, artisan et p\u00e9dagogue sur les pollinisateurs ainsi que la\u2026<\/p><p class=\"wp-block-post-excerpt__more-text\"><a class=\"wp-block-post-excerpt__more-link\" href=\"https:\/\/beewild.be\/index.php\/2024\/04\/23\/atelier-hotel-a-insectes-a-la-fete-des-simples-le-dimanche-19-mai-2024\/\">Lire la suite\u2026<\/a><\/p><\/div><\/div><\/div>\n\n<\/li><li class=\"wp-block-post post-1125 post type-post status-publish format-standard has-post-thumbnail hentry category-agenda\">\n\n<div class=\"wp-block-group\" style=\"padding-top:30px;padding-right:30px;padding-bottom:30px;padding-left:30px\"><div class=\"wp-block-group__inner-container is-layout-flow wp-block-group-is-layout-flow\">\n<div class=\"wp-block-group\"><div class=\"wp-block-group__inner-container is-layout-constrained wp-block-group-is-layout-constrained\"><figure style=\"aspect-ratio:1;\" class=\"wp-block-post-featured-image\"><a href=\"https:\/\/beewild.be\/index.php\/2024\/02\/06\/installation-dhotels-a-insectes-dans-quatre-espaces-verts-de-la-commune-detterbeek\/\" target=\"_self\"  ><img loading=\"lazy\" decoding=\"async\" width=\"1920\" height=\"1280\" src=\"https:\/\/beewild.be\/wp-content\/uploads\/2024\/04\/HaI-Beewild-Etterbeek-parc-Delhaize-rue-Beckers.jpg\" class=\"attachment-post-thumbnail size-post-thumbnail wp-post-image\" alt=\"Installation d\u2019h\u00f4tels \u00e0 insectes dans quatre espaces verts de la commune d\u2019Etterbeek\" style=\"width:100%;height:100%;object-fit:cover;\" srcset=\"https:\/\/beewild.be\/wp-content\/uploads\/2024\/04\/HaI-Beewild-Etterbeek-parc-Delhaize-rue-Beckers.jpg 1920w, https:\/\/beewild.be\/wp-content\/uploads\/2024\/04\/HaI-Beewild-Etterbeek-parc-Delhaize-rue-Beckers-300x200.jpg 300w, https:\/\/beewild.be\/wp-content\/uploads\/2024\/04\/HaI-Beewild-Etterbeek-parc-Delhaize-rue-Beckers-1024x683.jpg 1024w, https:\/\/beewild.be\/wp-content\/uploads\/2024\/04\/HaI-Beewild-Etterbeek-parc-Delhaize-rue-Beckers-768x512.jpg 768w, https:\/\/beewild.be\/wp-content\/uploads\/2024\/04\/HaI-Beewild-Etterbeek-parc-Delhaize-rue-Beckers-1536x1024.jpg 1536w\" sizes=\"auto, (max-width: 1920px) 100vw, 1920px\" \/><\/a><\/figure><\/div><\/div>\n\n\n<h3 class=\"greennature-blog-title wp-block-post-title\"><a href=\"https:\/\/beewild.be\/index.php\/2024\/02\/06\/installation-dhotels-a-insectes-dans-quatre-espaces-verts-de-la-commune-detterbeek\/\" target=\"_self\" >Installation d\u2019h\u00f4tels \u00e0 insectes dans quatre espaces verts de la commune d\u2019Etterbeek<\/a><\/h3>\n\n<div class=\"wp-block-post-excerpt has-small-font-size\"><p class=\"wp-block-post-excerpt__excerpt\">Installation d\u2019h\u00f4tels \u00e0 insectes dans quatre espaces verts en collaboration avec la commune d\u2019Etterbeek. Des ateliers auront lieu avec les habitants des diff\u00e9rents quartiers qui prendront part \u00e0 la r\u00e9alisation des h\u00f4tels \u00e0 insectes. Nous avons r\u00e9alis\u00e9 quatre structures d\u2019h\u00f4tels \u00e0 insectes qui seront remplies\u2026<\/p><p class=\"wp-block-post-excerpt__more-text\"><a class=\"wp-block-post-excerpt__more-link\" href=\"https:\/\/beewild.be\/index.php\/2024\/02\/06\/installation-dhotels-a-insectes-dans-quatre-espaces-verts-de-la-commune-detterbeek\/\">Lire la suite\u2026<\/a><\/p><\/div><\/div><\/div>\n\n<\/li><li class=\"wp-block-post post-1110 post type-post status-publish format-standard has-post-thumbnail hentry category-agenda\">\n\n<div class=\"wp-block-group\" style=\"padding-top:30px;padding-right:30px;padding-bottom:30px;padding-left:30px\"><div class=\"wp-block-group__inner-container is-layout-flow wp-block-group-is-layout-flow\">\n<div class=\"wp-block-group\"><div class=\"wp-block-group__inner-container is-layout-constrained wp-block-group-is-layout-constrained\"><figure style=\"aspect-ratio:1;\" class=\"wp-block-post-featured-image\"><a href=\"https:\/\/beewild.be\/index.php\/2023\/12\/17\/marche-de-noel-des-artistes-et-des-artisans-2\/\" target=\"_self\"  ><img loading=\"lazy\" decoding=\"async\" width=\"1754\" height=\"2480\" src=\"https:\/\/beewild.be\/wp-content\/uploads\/2024\/02\/marche-Rouge-Cloitre-2023.jpg\" class=\"attachment-post-thumbnail size-post-thumbnail wp-post-image\" alt=\"March\u00e9 de No\u00ebl des artistes et des artisans\" style=\"width:100%;height:100%;object-fit:cover;\" srcset=\"https:\/\/beewild.be\/wp-content\/uploads\/2024\/02\/marche-Rouge-Cloitre-2023.jpg 1754w, https:\/\/beewild.be\/wp-content\/uploads\/2024\/02\/marche-Rouge-Cloitre-2023-212x300.jpg 212w, https:\/\/beewild.be\/wp-content\/uploads\/2024\/02\/marche-Rouge-Cloitre-2023-724x1024.jpg 724w, https:\/\/beewild.be\/wp-content\/uploads\/2024\/02\/marche-Rouge-Cloitre-2023-768x1086.jpg 768w, https:\/\/beewild.be\/wp-content\/uploads\/2024\/02\/marche-Rouge-Cloitre-2023-1086x1536.jpg 1086w, https:\/\/beewild.be\/wp-content\/uploads\/2024\/02\/marche-Rouge-Cloitre-2023-1448x2048.jpg 1448w\" sizes=\"auto, (max-width: 1754px) 100vw, 1754px\" \/><\/a><\/figure><\/div><\/div>\n\n\n<h3 class=\"greennature-blog-title wp-block-post-title\"><a href=\"https:\/\/beewild.be\/index.php\/2023\/12\/17\/marche-de-noel-des-artistes-et-des-artisans-2\/\" target=\"_self\" >March\u00e9 de No\u00ebl des artistes et des artisans<\/a><\/h3>\n\n<div class=\"wp-block-post-excerpt has-small-font-size\"><p class=\"wp-block-post-excerpt__excerpt\">March\u00e9 de No\u00ebl des artistes et des artisans \u00e0 Rouge-Clo\u00eetre les 17 et 18 d\u00e9cembre: pr\u00e9sentation des h\u00f4tels \u00e0 insectes, nichoirs, mangeoires, m\u00e9langes et kits de graines Beewild, en collaboration avec Globe Flower qui y a pr\u00e9sent\u00e9 ses produits d\u2019herboristerie, d\u2019apiculture, et des conseils pr\u00e9cieux\u2026<\/p><p class=\"wp-block-post-excerpt__more-text\"><a class=\"wp-block-post-excerpt__more-link\" href=\"https:\/\/beewild.be\/index.php\/2023\/12\/17\/marche-de-noel-des-artistes-et-des-artisans-2\/\">Lire la suite\u2026<\/a><\/p><\/div><\/div><\/div>\n\n<\/li><li class=\"wp-block-post post-1113 post type-post status-publish format-standard has-post-thumbnail hentry category-agenda\">\n\n<div class=\"wp-block-group\" style=\"padding-top:30px;padding-right:30px;padding-bottom:30px;padding-left:30px\"><div class=\"wp-block-group__inner-container is-layout-flow wp-block-group-is-layout-flow\">\n<div class=\"wp-block-group\"><div class=\"wp-block-group__inner-container is-layout-constrained wp-block-group-is-layout-constrained\"><figure style=\"aspect-ratio:1;\" class=\"wp-block-post-featured-image\"><a href=\"https:\/\/beewild.be\/index.php\/2023\/05\/06\/reconstruction-et-rehabilitation-pour-lecole-fondamentale-de-messidor-a-uccle\/\" target=\"_self\"  ><img loading=\"lazy\" decoding=\"async\" width=\"1536\" height=\"2048\" src=\"https:\/\/beewild.be\/wp-content\/uploads\/2024\/02\/354677567_245974134804102_6358580892375452856_n.jpg\" class=\"attachment-post-thumbnail size-post-thumbnail wp-post-image\" alt=\"Reconstruction et r\u00e9habilitation pour l\u2019\u00e9cole fondamentale de Messidor \u00e0 Uccle\" style=\"width:100%;height:100%;object-fit:cover;\" srcset=\"https:\/\/beewild.be\/wp-content\/uploads\/2024\/02\/354677567_245974134804102_6358580892375452856_n.jpg 1536w, https:\/\/beewild.be\/wp-content\/uploads\/2024\/02\/354677567_245974134804102_6358580892375452856_n-225x300.jpg 225w, https:\/\/beewild.be\/wp-content\/uploads\/2024\/02\/354677567_245974134804102_6358580892375452856_n-768x1024.jpg 768w, https:\/\/beewild.be\/wp-content\/uploads\/2024\/02\/354677567_245974134804102_6358580892375452856_n-1152x1536.jpg 1152w\" sizes=\"auto, (max-width: 1536px) 100vw, 1536px\" \/><\/a><\/figure><\/div><\/div>\n\n\n<h3 class=\"greennature-blog-title wp-block-post-title\"><a href=\"https:\/\/beewild.be\/index.php\/2023\/05\/06\/reconstruction-et-rehabilitation-pour-lecole-fondamentale-de-messidor-a-uccle\/\" target=\"_self\" >Reconstruction et r\u00e9habilitation pour l\u2019\u00e9cole fondamentale de Messidor \u00e0 Uccle<\/a><\/h3>\n\n<div class=\"wp-block-post-excerpt has-small-font-size\"><p class=\"wp-block-post-excerpt__excerpt\">Projet r\u00e9alis\u00e9 pour l\u2019\u00e9cole fondamentale de Messidor \u00e0 Uccle: reconstruction et r\u00e9habilitation compl\u00e8te de l\u2019h\u00f4tel \u00e0 insectes de l\u2019\u00e9cole, installation de nichoirs et mangeoires pour les oiseaux. Ateliers scientifiques et p\u00e9dagogiques sur les abeilles sauvages.<\/p><p class=\"wp-block-post-excerpt__more-text\"><a class=\"wp-block-post-excerpt__more-link\" href=\"https:\/\/beewild.be\/index.php\/2023\/05\/06\/reconstruction-et-rehabilitation-pour-lecole-fondamentale-de-messidor-a-uccle\/\">Lire la suite\u2026<\/a><\/p><\/div><\/div><\/div>\n\n<\/li><li class=\"wp-block-post post-1116 post type-post status-publish format-standard has-post-thumbnail hentry category-agenda\">\n\n<div class=\"wp-block-group\" style=\"padding-top:30px;padding-right:30px;padding-bottom:30px;padding-left:30px\"><div class=\"wp-block-group__inner-container is-layout-flow wp-block-group-is-layout-flow\">\n<div class=\"wp-block-group\"><div class=\"wp-block-group__inner-container is-layout-constrained wp-block-group-is-layout-constrained\"><figure style=\"aspect-ratio:1;\" class=\"wp-block-post-featured-image\"><a href=\"https:\/\/beewild.be\/index.php\/2023\/04\/15\/la-foire-de-ma-ferme-ateliers-de-fabrication-dhotels-a-insectes\/\" target=\"_self\"  ><img loading=\"lazy\" decoding=\"async\" width=\"1076\" height=\"1522\" src=\"https:\/\/beewild.be\/wp-content\/uploads\/2024\/02\/337542391_166504149600306_1292530413037091261_n.jpg\" class=\"attachment-post-thumbnail size-post-thumbnail wp-post-image\" alt=\"La foire de ma ferme : Ateliers de fabrication d\u2019h\u00f4tels \u00e0 insectes\" style=\"width:100%;height:100%;object-fit:cover;\" srcset=\"https:\/\/beewild.be\/wp-content\/uploads\/2024\/02\/337542391_166504149600306_1292530413037091261_n.jpg 1076w, https:\/\/beewild.be\/wp-content\/uploads\/2024\/02\/337542391_166504149600306_1292530413037091261_n-212x300.jpg 212w, https:\/\/beewild.be\/wp-content\/uploads\/2024\/02\/337542391_166504149600306_1292530413037091261_n-724x1024.jpg 724w, https:\/\/beewild.be\/wp-content\/uploads\/2024\/02\/337542391_166504149600306_1292530413037091261_n-768x1086.jpg 768w\" sizes=\"auto, (max-width: 1076px) 100vw, 1076px\" \/><\/a><\/figure><\/div><\/div>\n\n\n<h3 class=\"greennature-blog-title wp-block-post-title\"><a href=\"https:\/\/beewild.be\/index.php\/2023\/04\/15\/la-foire-de-ma-ferme-ateliers-de-fabrication-dhotels-a-insectes\/\" target=\"_self\" >La foire de ma ferme : Ateliers de fabrication d\u2019h\u00f4tels \u00e0 insectes<\/a><\/h3>\n\n<div class=\"wp-block-post-excerpt has-small-font-size\"><p class=\"wp-block-post-excerpt__excerpt\">Ateliers de fabrication d\u2019h\u00f4tels \u00e0 insectes le 15 avril 2023 \u00e0 La Foire de Ma Ferme, \u00e0 Enghien: finalisation de deux h\u00f4tels \u00e0 insectes qui ont \u00e9t\u00e9 install\u00e9s sur le site de la ferme coop\u00e9rative Ma Ferme lors d\u2019une journ\u00e9e festive et instructive organis\u00e9e par\u2026<\/p><p class=\"wp-block-post-excerpt__more-text\"><a class=\"wp-block-post-excerpt__more-link\" href=\"https:\/\/beewild.be\/index.php\/2023\/04\/15\/la-foire-de-ma-ferme-ateliers-de-fabrication-dhotels-a-insectes\/\">Lire la suite\u2026<\/a><\/p><\/div><\/div><\/div>\n\n<\/li><li class=\"wp-block-post post-1122 post type-post status-publish format-standard has-post-thumbnail hentry category-agenda\">\n\n<div class=\"wp-block-group\" style=\"padding-top:30px;padding-right:30px;padding-bottom:30px;padding-left:30px\"><div class=\"wp-block-group__inner-container is-layout-flow wp-block-group-is-layout-flow\">\n<div class=\"wp-block-group\"><div class=\"wp-block-group__inner-container is-layout-constrained wp-block-group-is-layout-constrained\"><figure style=\"aspect-ratio:1;\" class=\"wp-block-post-featured-image\"><a href=\"https:\/\/beewild.be\/index.php\/2023\/03\/06\/projet-realise-pour-lecole-fondamentale-de-verrewinkel-a-uccle\/\" target=\"_self\"  ><img loading=\"lazy\" decoding=\"async\" width=\"2000\" height=\"1500\" src=\"https:\/\/beewild.be\/wp-content\/uploads\/2024\/02\/Hotel-a-insectes-Ecole-du-Verrewinkel-2.jpg\" class=\"attachment-post-thumbnail size-post-thumbnail wp-post-image\" alt=\"Projet r\u00e9alis\u00e9 pour l\u2019\u00e9cole fondamentale de Verrewinkel \u00e0 Uccle\" style=\"width:100%;height:100%;object-fit:cover;\" srcset=\"https:\/\/beewild.be\/wp-content\/uploads\/2024\/02\/Hotel-a-insectes-Ecole-du-Verrewinkel-2.jpg 2000w, https:\/\/beewild.be\/wp-content\/uploads\/2024\/02\/Hotel-a-insectes-Ecole-du-Verrewinkel-2-300x225.jpg 300w, https:\/\/beewild.be\/wp-content\/uploads\/2024\/02\/Hotel-a-insectes-Ecole-du-Verrewinkel-2-1024x768.jpg 1024w, https:\/\/beewild.be\/wp-content\/uploads\/2024\/02\/Hotel-a-insectes-Ecole-du-Verrewinkel-2-768x576.jpg 768w, https:\/\/beewild.be\/wp-content\/uploads\/2024\/02\/Hotel-a-insectes-Ecole-du-Verrewinkel-2-1536x1152.jpg 1536w, https:\/\/beewild.be\/wp-content\/uploads\/2024\/02\/Hotel-a-insectes-Ecole-du-Verrewinkel-2-400x300.jpg 400w\" sizes=\"auto, (max-width: 2000px) 100vw, 2000px\" \/><\/a><\/figure><\/div><\/div>\n\n\n<h3 class=\"greennature-blog-title wp-block-post-title\"><a href=\"https:\/\/beewild.be\/index.php\/2023\/03\/06\/projet-realise-pour-lecole-fondamentale-de-verrewinkel-a-uccle\/\" target=\"_self\" >Projet r\u00e9alis\u00e9 pour l\u2019\u00e9cole fondamentale de Verrewinkel \u00e0 Uccle<\/a><\/h3>\n\n<div class=\"wp-block-post-excerpt has-small-font-size\"><p class=\"wp-block-post-excerpt__excerpt\">Projet r\u00e9alis\u00e9 pour l\u2019\u00e9cole fondamentale de Verrewinkel \u00e0 Uccle: installation d\u2019un h\u00f4tel \u00e0 insectes, de nichoirs, mangeoires et d\u2019une drink station pour les oiseaux. Ateliers scientifiques et p\u00e9dagogiques avec les \u00e9l\u00e8ves de premi\u00e8re et quatri\u00e8me primaire qui ont aussi particip\u00e9 \u00e0 l\u2019installation et la finalisation\u2026<\/p><p class=\"wp-block-post-excerpt__more-text\"><a class=\"wp-block-post-excerpt__more-link\" href=\"https:\/\/beewild.be\/index.php\/2023\/03\/06\/projet-realise-pour-lecole-fondamentale-de-verrewinkel-a-uccle\/\">Lire la suite\u2026<\/a><\/p><\/div><\/div><\/div>\n\n<\/li><li class=\"wp-block-post post-1009 post type-post status-publish format-standard has-post-thumbnail hentry category-agenda\">\n\n<div class=\"wp-block-group\" style=\"padding-top:30px;padding-right:30px;padding-bottom:30px;padding-left:30px\"><div class=\"wp-block-group__inner-container is-layout-flow wp-block-group-is-layout-flow\">\n<div class=\"wp-block-group\"><div class=\"wp-block-group__inner-container is-layout-constrained wp-block-group-is-layout-constrained\"><figure style=\"aspect-ratio:1;\" class=\"wp-block-post-featured-image\"><a href=\"https:\/\/beewild.be\/index.php\/2022\/12\/17\/marche-de-noel-des-artistes-et-des-artisans\/\" target=\"_self\"  ><img loading=\"lazy\" decoding=\"async\" width=\"843\" height=\"1192\" src=\"https:\/\/beewild.be\/wp-content\/uploads\/2024\/02\/318848449_1235655570343714_5301861191620958507_n.jpg\" class=\"attachment-post-thumbnail size-post-thumbnail wp-post-image\" alt=\"March\u00e9 de No\u00ebl des artistes et des artisans\" style=\"width:100%;height:100%;object-fit:cover;\" srcset=\"https:\/\/beewild.be\/wp-content\/uploads\/2024\/02\/318848449_1235655570343714_5301861191620958507_n.jpg 843w, https:\/\/beewild.be\/wp-content\/uploads\/2024\/02\/318848449_1235655570343714_5301861191620958507_n-212x300.jpg 212w, https:\/\/beewild.be\/wp-content\/uploads\/2024\/02\/318848449_1235655570343714_5301861191620958507_n-724x1024.jpg 724w, https:\/\/beewild.be\/wp-content\/uploads\/2024\/02\/318848449_1235655570343714_5301861191620958507_n-768x1086.jpg 768w\" sizes=\"auto, (max-width: 843px) 100vw, 843px\" \/><\/a><\/figure><\/div><\/div>\n\n\n<h3 class=\"greennature-blog-title wp-block-post-title\"><a href=\"https:\/\/beewild.be\/index.php\/2022\/12\/17\/marche-de-noel-des-artistes-et-des-artisans\/\" target=\"_self\" >March\u00e9 de No\u00ebl des artistes et des artisans<\/a><\/h3>\n\n<div class=\"wp-block-post-excerpt has-small-font-size\"><p class=\"wp-block-post-excerpt__excerpt\">\u00e0 Rouge-Clo\u00eetre les 17 et 18 d\u00e9cembre: pr\u00e9sentation des h\u00f4tels \u00e0 insectes, nichoirs, mangeoires, et m\u00e9langes de graines Beewild. Produits et conseils d\u2019herboristerie de Globe Flower.<\/p><p class=\"wp-block-post-excerpt__more-text\"><a class=\"wp-block-post-excerpt__more-link\" href=\"https:\/\/beewild.be\/index.php\/2022\/12\/17\/marche-de-noel-des-artistes-et-des-artisans\/\">Lire la suite\u2026<\/a><\/p><\/div><\/div><\/div>\n\n<\/li><li class=\"wp-block-post post-1095 post type-post status-publish format-standard has-post-thumbnail hentry category-agenda\">\n\n<div class=\"wp-block-group\" style=\"padding-top:30px;padding-right:30px;padding-bottom:30px;padding-left:30px\"><div class=\"wp-block-group__inner-container is-layout-flow wp-block-group-is-layout-flow\">\n<div class=\"wp-block-group\"><div class=\"wp-block-group__inner-container is-layout-constrained wp-block-group-is-layout-constrained\"><figure style=\"aspect-ratio:1;\" class=\"wp-block-post-featured-image\"><a href=\"https:\/\/beewild.be\/index.php\/2022\/06\/28\/la-quinzaine-des-abeilles-et-des-pollinisateurs\/\" target=\"_self\"  ><img loading=\"lazy\" decoding=\"async\" width=\"1080\" height=\"764\" src=\"https:\/\/beewild.be\/wp-content\/uploads\/2022\/05\/280027296_3107245629533304_1856681835813602882_n.jpg\" class=\"attachment-post-thumbnail size-post-thumbnail wp-post-image\" alt=\"La Quinzaine des Abeilles et des Pollinisateurs\" style=\"width:100%;height:100%;object-fit:cover;\" srcset=\"https:\/\/beewild.be\/wp-content\/uploads\/2022\/05\/280027296_3107245629533304_1856681835813602882_n.jpg 1080w, https:\/\/beewild.be\/wp-content\/uploads\/2022\/05\/280027296_3107245629533304_1856681835813602882_n-300x212.jpg 300w, https:\/\/beewild.be\/wp-content\/uploads\/2022\/05\/280027296_3107245629533304_1856681835813602882_n-1024x724.jpg 1024w, https:\/\/beewild.be\/wp-content\/uploads\/2022\/05\/280027296_3107245629533304_1856681835813602882_n-768x543.jpg 768w\" sizes=\"auto, (max-width: 1080px) 100vw, 1080px\" \/><\/a><\/figure><\/div><\/div>\n\n\n<h3 class=\"greennature-blog-title wp-block-post-title\"><a href=\"https:\/\/beewild.be\/index.php\/2022\/06\/28\/la-quinzaine-des-abeilles-et-des-pollinisateurs\/\" target=\"_self\" >La Quinzaine des Abeilles et des Pollinisateurs<\/a><\/h3>\n\n<div class=\"wp-block-post-excerpt has-small-font-size\"><p class=\"wp-block-post-excerpt__excerpt\">La Quinzaine des Abeilles et des Pollinisateurs\u00a0se tiendra \u00e0 nouveau sur tout le territoire wallon du\u00a014\/05 au 29\/05\/2022\u00a0. Au programme De nombreuses activit\u00e9s telles que des conf\u00e9rences , des visites de ruchers , des projections de films , des expositions , des d\u00e9gustations , et\u2026<\/p><p class=\"wp-block-post-excerpt__more-text\"><a class=\"wp-block-post-excerpt__more-link\" href=\"https:\/\/beewild.be\/index.php\/2022\/06\/28\/la-quinzaine-des-abeilles-et-des-pollinisateurs\/\">Lire la suite\u2026<\/a><\/p><\/div><\/div><\/div>\n\n<\/li><li class=\"wp-block-post post-1017 post type-post status-publish format-standard has-post-thumbnail hentry category-agenda\">\n\n<div class=\"wp-block-group\" style=\"padding-top:30px;padding-right:30px;padding-bottom:30px;padding-left:30px\"><div class=\"wp-block-group__inner-container is-layout-flow wp-block-group-is-layout-flow\">\n<div class=\"wp-block-group\"><div class=\"wp-block-group__inner-container is-layout-constrained wp-block-group-is-layout-constrained\"><figure style=\"aspect-ratio:1;\" class=\"wp-block-post-featured-image\"><a href=\"https:\/\/beewild.be\/index.php\/2022\/06\/25\/journees-portes-ouvertes-cycle-en-terre\/\" target=\"_self\"  ><img loading=\"lazy\" decoding=\"async\" width=\"800\" height=\"1131\" src=\"https:\/\/beewild.be\/wp-content\/uploads\/2022\/05\/Affiche-PorteOuverte-sans-traits-de-coupe-2022.jpg\" class=\"attachment-post-thumbnail size-post-thumbnail wp-post-image\" alt=\"Journ\u00e9es portes ouvertes Cycle en Terre\" style=\"width:100%;height:100%;object-fit:cover;\" srcset=\"https:\/\/beewild.be\/wp-content\/uploads\/2022\/05\/Affiche-PorteOuverte-sans-traits-de-coupe-2022.jpg 800w, https:\/\/beewild.be\/wp-content\/uploads\/2022\/05\/Affiche-PorteOuverte-sans-traits-de-coupe-2022-212x300.jpg 212w, https:\/\/beewild.be\/wp-content\/uploads\/2022\/05\/Affiche-PorteOuverte-sans-traits-de-coupe-2022-724x1024.jpg 724w, https:\/\/beewild.be\/wp-content\/uploads\/2022\/05\/Affiche-PorteOuverte-sans-traits-de-coupe-2022-768x1086.jpg 768w\" sizes=\"auto, (max-width: 800px) 100vw, 800px\" \/><\/a><\/figure><\/div><\/div>\n\n\n<h3 class=\"greennature-blog-title wp-block-post-title\"><a href=\"https:\/\/beewild.be\/index.php\/2022\/06\/25\/journees-portes-ouvertes-cycle-en-terre\/\" target=\"_self\" >Journ\u00e9es portes ouvertes Cycle en Terre<\/a><\/h3>\n\n<div class=\"wp-block-post-excerpt has-small-font-size\"><p class=\"wp-block-post-excerpt__excerpt\">Les 25 et 26\/06\/2022\u00a0, Beewild sera pr\u00e9sent aux\u00a0journ\u00e9es portes ouvertes chez\u00a0le producteur de semences biologiques\u00a0Cycle en Terre, de 10 h \u00e0 18 h \u00e0 Buzin 5-A 5370 Verl\u00e9e. Au programme des conf\u00e9rences, des visites, des animations pour les enfants, des ateliers, dans un site magnifique\u2026<\/p><p class=\"wp-block-post-excerpt__more-text\"><a class=\"wp-block-post-excerpt__more-link\" href=\"https:\/\/beewild.be\/index.php\/2022\/06\/25\/journees-portes-ouvertes-cycle-en-terre\/\">Lire la suite\u2026<\/a><\/p><\/div><\/div><\/div>\n\n<\/li><li class=\"wp-block-post post-1020 post type-post status-publish format-standard has-post-thumbnail hentry category-agenda\">\n\n<div class=\"wp-block-group\" style=\"padding-top:30px;padding-right:30px;padding-bottom:30px;padding-left:30px\"><div class=\"wp-block-group__inner-container is-layout-flow wp-block-group-is-layout-flow\">\n<div class=\"wp-block-group\"><div class=\"wp-block-group__inner-container is-layout-constrained wp-block-group-is-layout-constrained\"><figure style=\"aspect-ratio:1;\" class=\"wp-block-post-featured-image\"><a href=\"https:\/\/beewild.be\/index.php\/2022\/06\/11\/eco-festival-la-fete-des-griottes\/\" target=\"_self\"  ><img loading=\"lazy\" decoding=\"async\" width=\"1414\" height=\"2000\" src=\"https:\/\/beewild.be\/wp-content\/uploads\/2022\/06\/La-Fete-des-Griottes-2.jpg\" class=\"attachment-post-thumbnail size-post-thumbnail wp-post-image\" alt=\"Eco-festival La F\u00eate des Griottes\" style=\"width:100%;height:100%;object-fit:cover;\" srcset=\"https:\/\/beewild.be\/wp-content\/uploads\/2022\/06\/La-Fete-des-Griottes-2.jpg 1414w, https:\/\/beewild.be\/wp-content\/uploads\/2022\/06\/La-Fete-des-Griottes-2-212x300.jpg 212w, https:\/\/beewild.be\/wp-content\/uploads\/2022\/06\/La-Fete-des-Griottes-2-724x1024.jpg 724w, https:\/\/beewild.be\/wp-content\/uploads\/2022\/06\/La-Fete-des-Griottes-2-768x1086.jpg 768w, https:\/\/beewild.be\/wp-content\/uploads\/2022\/06\/La-Fete-des-Griottes-2-1086x1536.jpg 1086w\" sizes=\"auto, (max-width: 1414px) 100vw, 1414px\" \/><\/a><\/figure><\/div><\/div>\n\n\n<h3 class=\"greennature-blog-title wp-block-post-title\"><a href=\"https:\/\/beewild.be\/index.php\/2022\/06\/11\/eco-festival-la-fete-des-griottes\/\" target=\"_self\" >Eco-festival La F\u00eate des Griottes<\/a><\/h3>\n\n<div class=\"wp-block-post-excerpt has-small-font-size\"><p class=\"wp-block-post-excerpt__excerpt\">Le samedi 11 juin\u00a0aura lieu l\u2019\u00e9co-festival La F\u00eate des Griottes. Beewild y sera pr\u00e9sent avec\u00a0HomeHarvest\u00a0pour vous pr\u00e9senter les h\u00f4tels \u00e0 insectes, nous pourrez venir avec vos plantes et graines pour les \u00e9changer \u00e0 notre stand, et vous trouverez des semences biologiques. Venez! Atmosph\u00e8re festive et\u2026<\/p><p class=\"wp-block-post-excerpt__more-text\"><a class=\"wp-block-post-excerpt__more-link\" href=\"https:\/\/beewild.be\/index.php\/2022\/06\/11\/eco-festival-la-fete-des-griottes\/\">Lire la suite\u2026<\/a><\/p><\/div><\/div><\/div>\n\n<\/li><li class=\"wp-block-post post-1107 post type-post status-publish format-standard has-post-thumbnail hentry category-agenda\">\n\n<div class=\"wp-block-group\" style=\"padding-top:30px;padding-right:30px;padding-bottom:30px;padding-left:30px\"><div class=\"wp-block-group__inner-container is-layout-flow wp-block-group-is-layout-flow\">\n<div class=\"wp-block-group\"><div class=\"wp-block-group__inner-container is-layout-constrained wp-block-group-is-layout-constrained\"><figure style=\"aspect-ratio:1;\" class=\"wp-block-post-featured-image\"><a href=\"https:\/\/beewild.be\/index.php\/2022\/05\/31\/le-mois-de-la-nature\/\" target=\"_self\"  ><img loading=\"lazy\" decoding=\"async\" width=\"500\" height=\"263\" src=\"https:\/\/beewild.be\/wp-content\/uploads\/2022\/05\/mdn_rs_event-2.jpg\" class=\"attachment-post-thumbnail size-post-thumbnail wp-post-image\" alt=\"Le Mois de la Nature\" style=\"width:100%;height:100%;object-fit:cover;\" srcset=\"https:\/\/beewild.be\/wp-content\/uploads\/2022\/05\/mdn_rs_event-2.jpg 500w, https:\/\/beewild.be\/wp-content\/uploads\/2022\/05\/mdn_rs_event-2-300x158.jpg 300w\" sizes=\"auto, (max-width: 500px) 100vw, 500px\" \/><\/a><\/figure><\/div><\/div>\n\n\n<h3 class=\"greennature-blog-title wp-block-post-title\"><a href=\"https:\/\/beewild.be\/index.php\/2022\/05\/31\/le-mois-de-la-nature\/\" target=\"_self\" >Le Mois de la Nature<\/a><\/h3>\n\n<div class=\"wp-block-post-excerpt has-small-font-size\"><p class=\"wp-block-post-excerpt__excerpt\">C\u2019est le moment d\u2019en apprendre plus sur la biodiversit\u00e9 \u00e0 Bruxelles avec&nbsp;Le Mois de la Nature du 01\/05 au 31\/05\/2022. Plus d&rsquo;info https:\/\/environnement.brussels\/thematiques\/espaces-verts-et-biodiversite\/decouvrez-la-ville-nature\/mois-de-la-nature-parlez-en-autour-de-vous<\/p><p class=\"wp-block-post-excerpt__more-text\"><a class=\"wp-block-post-excerpt__more-link\" href=\"https:\/\/beewild.be\/index.php\/2022\/05\/31\/le-mois-de-la-nature\/\">Lire la suite\u2026<\/a><\/p><\/div><\/div><\/div>\n\n<\/li><\/ul><\/div>\n\n\n\n<div style=\"height:66px\" aria-hidden=\"true\" class=\"wp-block-spacer\"><\/div>\n\n\n\n<div class=\"wp-block-group alignfull has-text-color has-background\" style=\"color:#000000;background-color:#ffffff\"><div class=\"wp-block-group__inner-container is-layout-flow wp-block-group-is-layout-flow\">\n<div class=\"wp-block-group\"><div class=\"wp-block-group__inner-container is-layout-constrained wp-block-group-is-layout-constrained\">\n<h2 class=\"wp-block-heading has-text-align-center has-medium-font-size\"><\/h2>\n\n\n\n<h2 class=\"wp-block-heading has-text-align-center has-text-color has-link-color wp-elements-b7262cb88e843b37f2457b611412239a\" id=\"schedule-a-visit\" style=\"color:#3f873e;font-size:59px;line-height:1.15\"><strong>Pour toute commande ou demande particuli\u00e8re:<\/strong><\/h2>\n\n\n\n<div style=\"height:30px\" aria-hidden=\"true\" class=\"wp-block-spacer\"><\/div>\n\n\n\n<div class=\"wp-block-buttons is-horizontal is-content-justification-center is-layout-flex wp-container-core-buttons-is-layout-499968f5 wp-block-buttons-is-layout-flex\">\n<div class=\"wp-block-button has-custom-width wp-block-button__width-75\"><a class=\"wp-block-button__link has-text-color has-background wp-element-button\" href=\"https:\/\/beewild.be\/index.php\/contact\/\" style=\"border-radius:30px;color:#ffffff;background-color:#3f873e\">Contactez-nous<\/a><\/div>\n<\/div>\n\n\n\n<div style=\"height:50px\" aria-hidden=\"true\" class=\"wp-block-spacer\"><\/div>\n<\/div><\/div>\n<\/div><\/div>\n","protected":false},"excerpt":{"rendered":"<p>Ici vous retrouverez tous les \u00e9v\u00e9nements ou les projets de Beewild.<\/p>\n","protected":false},"author":1,"featured_media":0,"parent":0,"menu_order":0,"comment_status":"closed","ping_status":"closed","template":"","meta":{"footnotes":""},"class_list":["post-1386","page","type-page","status-publish","hentry"],"_links":{"self":[{"href":"https:\/\/beewild.be\/index.php\/wp-json\/wp\/v2\/pages\/1386","targetHints":{"allow":["GET"]}}],"collection":[{"href":"https:\/\/beewild.be\/index.php\/wp-json\/wp\/v2\/pages"}],"about":[{"href":"https:\/\/beewild.be\/index.php\/wp-json\/wp\/v2\/types\/page"}],"author":[{"embeddable":true,"href":"https:\/\/beewild.be\/index.php\/wp-json\/wp\/v2\/users\/1"}],"replies":[{"embeddable":true,"href":"https:\/\/beewild.be\/index.php\/wp-json\/wp\/v2\/comments?post=1386"}],"version-history":[{"count":9,"href":"https:\/\/beewild.be\/index.php\/wp-json\/wp\/v2\/pages\/1386\/revisions"}],"predecessor-version":[{"id":1667,"href":"https:\/\/beewild.be\/index.php\/wp-json\/wp\/v2\/pages\/1386\/revisions\/1667"}],"wp:attachment":[{"href":"https:\/\/beewild.be\/index.php\/wp-json\/wp\/v2\/media?parent=1386"}],"curies":[{"name":"wp","href":"https:\/\/api.w.org\/{rel}","templated":true}]}}