{"id":32,"date":"2022-03-25T11:09:38","date_gmt":"2022-03-25T11:09:38","guid":{"rendered":"https:\/\/beewild.be\/?page_id=32"},"modified":"2024-04-17T21:10:29","modified_gmt":"2024-04-17T19:10:29","slug":"a-propos-de-beewild","status":"publish","type":"page","link":"https:\/\/beewild.be\/index.php\/a-propos-de-beewild\/","title":{"rendered":"\u00c0 propos"},"content":{"rendered":"\n<p>Beewild est une entreprise artisanale situ\u00e9e en wallonie et en r\u00e9gion bruxelloise, qui se consacre \u00e0 la protection de la biodiversit\u00e9, par la sauvegarde des abeilles sauvages, des insectes pollinisateurs ou auxiliaires, des oiseaux et des chauves-souris. <\/p>\n\n\n\n<p>Nous m\u00ealons l&rsquo;architecture de jardin et paysag\u00e8re, la connaissance des plantes et des insectes utiles, pour proposer des projets \u00e0 la fois b\u00e9n\u00e9fiques pour le bien-\u00eatre, pour la nature, et pour notre sant\u00e9, tout en donnant de la valeur aux jardins et espaces verts qui sont devenus de v\u00e9ritables refuges pour la nature sauvage, de par l&rsquo;urbanisation et les pratiques agricoles ou foresti\u00e8res.<\/p>\n\n\n\n<div style=\"height:60px\" aria-hidden=\"true\" class=\"wp-block-spacer\"><\/div>\n\n\n\n<h2 class=\"wp-block-heading has-large-font-size\">Un chemin avec la nature comme fil conducteur :<\/h2>\n\n\n\n<div style=\"height:60px\" aria-hidden=\"true\" class=\"wp-block-spacer\"><\/div>\n\n\n\n<div class=\"wp-block-media-text is-stacked-on-mobile\"><figure class=\"wp-block-media-text__media\"><img loading=\"lazy\" decoding=\"async\" width=\"1024\" height=\"725\" src=\"https:\/\/beewild.be\/wp-content\/uploads\/2023\/01\/Sauterelle-flou--1024x725.jpg\" alt=\"\" class=\"wp-image-593 size-full\" srcset=\"https:\/\/beewild.be\/wp-content\/uploads\/2023\/01\/Sauterelle-flou--1024x725.jpg 1024w, https:\/\/beewild.be\/wp-content\/uploads\/2023\/01\/Sauterelle-flou--300x212.jpg 300w, https:\/\/beewild.be\/wp-content\/uploads\/2023\/01\/Sauterelle-flou--768x543.jpg 768w, https:\/\/beewild.be\/wp-content\/uploads\/2023\/01\/Sauterelle-flou--1536x1087.jpg 1536w, https:\/\/beewild.be\/wp-content\/uploads\/2023\/01\/Sauterelle-flou--2048x1449.jpg 2048w\" sizes=\"auto, (max-width: 1024px) 100vw, 1024px\" \/><\/figure><div class=\"wp-block-media-text__content\">\n<p>Par la pratique de la macrophotographie, l\u2019observation des insectes m\u2019a fait d\u00e9couvrir ce monde fascinant en changeant d\u2019\u00e9chelle et de point de vue.<\/p>\n\n\n\n<p>Le travail du bois \u00e0 travers diff\u00e9rents projets m&rsquo;a men\u00e9 \u00e0 la lutherie en guitares.<\/p>\n\n\n\n<p>J&rsquo;ai choisi de r\u00e9unir mes connaissances dans ces domaines pour agir en faveur de la protection de la biodiversit\u00e9 \u00e0 travers cette activit\u00e9.<\/p>\n<\/div><\/div>\n\n\n\n<div style=\"height:64px\" aria-hidden=\"true\" class=\"wp-block-spacer\"><\/div>\n\n\n\n<div class=\"wp-block-media-text has-media-on-the-right is-stacked-on-mobile\"><div class=\"wp-block-media-text__content\">\n<p><\/p>\n\n\n\n<p><\/p>\n\n\n\n<p>Ensuite, j\u2019ai commenc\u00e9 \u00e0 cultiver des l\u00e9gumes, petits fruits et herbes aromatiques ou m\u00e9dicinales, ce qui m\u2019a amen\u00e9 \u00e0 \u00e9changer avec d\u2019autres jardiniers et \u00e0 prendre conscience qu\u2019un \u00e9quilibre est possible si l\u2019on accueille la biodiversit\u00e9 plut\u00f4t que de la limiter ou de la contraindre.<\/p>\n\n\n\n<p><\/p>\n\n\n\n<p><\/p>\n<\/div><figure class=\"wp-block-media-text__media\"><img loading=\"lazy\" decoding=\"async\" width=\"1024\" height=\"683\" src=\"https:\/\/beewild.be\/wp-content\/uploads\/2024\/04\/Tomates-Bacs-Potager-2016-1024x683.jpg\" alt=\"\" class=\"wp-image-1600 size-full\" srcset=\"https:\/\/beewild.be\/wp-content\/uploads\/2024\/04\/Tomates-Bacs-Potager-2016-1024x683.jpg 1024w, https:\/\/beewild.be\/wp-content\/uploads\/2024\/04\/Tomates-Bacs-Potager-2016-300x200.jpg 300w, https:\/\/beewild.be\/wp-content\/uploads\/2024\/04\/Tomates-Bacs-Potager-2016-768x512.jpg 768w, https:\/\/beewild.be\/wp-content\/uploads\/2024\/04\/Tomates-Bacs-Potager-2016-1536x1025.jpg 1536w, https:\/\/beewild.be\/wp-content\/uploads\/2024\/04\/Tomates-Bacs-Potager-2016.jpg 1920w\" sizes=\"auto, (max-width: 1024px) 100vw, 1024px\" \/><\/figure><\/div>\n\n\n\n<div style=\"height:64px\" aria-hidden=\"true\" class=\"wp-block-spacer\"><\/div>\n\n\n\n<p><strong>L\u2019observation des insectes m\u2019a fait d\u00e9couvrir ce monde fascinant en changeant d\u2019\u00e9chelle et de point de vue. Cela m&rsquo;a naturellement men\u00e9 \u00e0 d\u00e9couvrir l&rsquo;importance des abeilles sauvages et des pollinisateurs.<\/strong><\/p>\n\n\n\n<div style=\"height:64px\" aria-hidden=\"true\" class=\"wp-block-spacer\"><\/div>\n\n\n\n<div class=\"wp-block-media-text is-stacked-on-mobile\" style=\"grid-template-columns:38% auto\"><figure class=\"wp-block-media-text__media\"><img loading=\"lazy\" decoding=\"async\" width=\"683\" height=\"1024\" src=\"https:\/\/beewild.be\/wp-content\/uploads\/2024\/03\/1-HaI-1-Bee-Cool-page-accueil-hai-683x1024.jpg\" alt=\"Bee Cool H\u00f4tel \u00e0 insectes\" class=\"wp-image-1449 size-full\" srcset=\"https:\/\/beewild.be\/wp-content\/uploads\/2024\/03\/1-HaI-1-Bee-Cool-page-accueil-hai-683x1024.jpg 683w, https:\/\/beewild.be\/wp-content\/uploads\/2024\/03\/1-HaI-1-Bee-Cool-page-accueil-hai-200x300.jpg 200w, https:\/\/beewild.be\/wp-content\/uploads\/2024\/03\/1-HaI-1-Bee-Cool-page-accueil-hai-768x1152.jpg 768w, https:\/\/beewild.be\/wp-content\/uploads\/2024\/03\/1-HaI-1-Bee-Cool-page-accueil-hai-1024x1536.jpg 1024w, https:\/\/beewild.be\/wp-content\/uploads\/2024\/03\/1-HaI-1-Bee-Cool-page-accueil-hai.jpg 1280w\" sizes=\"auto, (max-width: 683px) 100vw, 683px\" \/><\/figure><div class=\"wp-block-media-text__content\">\n<p>J\u2019ai alors fabriqu\u00e9 mon premier h\u00f4tel \u00e0 insectes, et ai pu y observer au fil des saisons les osmies, bourdons, syrphes, abeilles sauvages, coccinelles, chrysopes et beaucoup d\u2019autres s\u2019installer, passer l\u2019hiver, \u00e9clore au printemps pour s\u2019activer de fleur en fleur, et mon potager devenir plus sain tandis que les fruits et les l\u00e9gumes devenaient plus gros et plus nombreux tout en produisant des graines de meilleur qualit\u00e9.<\/p>\n\n\n\n<p>Il a \u00e9t\u00e9 prouv\u00e9 que les potagers et vergers avec plus de pollinisateurs et d&rsquo;insectes auxiliaires pr\u00e9sents \u00e9taient plus sains, plus r\u00e9sistants aux maladies et beaucoup plus productifs !<\/p>\n<\/div><\/div>\n\n\n\n<p><\/p>\n\n\n\n<div style=\"height:64px\" aria-hidden=\"true\" class=\"wp-block-spacer\"><\/div>\n\n\n\n<p><strong>L&rsquo;objectif est double: am\u00e9liorer notre sant\u00e9 tout en am\u00e9liorant celle de la nature, en permettant aussi bien aux particuliers qu&rsquo;aux collectivit\u00e9s de passer \u00e0 l&rsquo;action pour la pr\u00e9servation des pollinisateurs, des oiseaux, et de la nature<\/strong>. <\/p>\n\n\n\n<div style=\"height:80px\" aria-hidden=\"true\" class=\"wp-block-spacer\"><\/div>\n\n\n\n<h2 class=\"wp-block-heading has-large-font-size\"><strong>Mais d&rsquo;abord, pourquoi prot\u00e9ger les abeilles sauvages et les pollinisateurs en priorit\u00e9 ?<\/strong><\/h2>\n\n\n\n<div style=\"height:60px\" aria-hidden=\"true\" class=\"wp-block-spacer\"><\/div>\n\n\n\n<div class=\"wp-block-group\"><div class=\"wp-block-group__inner-container is-layout-constrained wp-block-group-is-layout-constrained\">\n<div class=\"wp-block-media-text has-media-on-the-right is-stacked-on-mobile is-image-fill\"><div class=\"wp-block-media-text__content\">\n<p>Les pollinisateurs connaissent actuellement des taux d&rsquo;extinction de 100 \u00e0 1000 fois plus \u00e9lev\u00e9s que la normale. <\/p>\n\n\n\n<p>Or, ils sont \u00e0 la base de toute la biodiversit\u00e9, sont n\u00e9cessaires pour notre alimentation, et la plupart des services \u00e9cosyst\u00e9miques que nous rend la nature.<\/p>\n\n\n\n<p>Ce sont des esp\u00e8ces cl\u00e9s qui soutiennent toute la chaine alimentaire et donc tout l&rsquo;\u00e9cosyst\u00e8me, au m\u00eame titre que les oiseaux, les champignons ou d&rsquo;autres encore. Mais sans eux, tout s&rsquo;effondrerait, il est donc urgent et fondamental que chacun agisse \u00e0 son niveau pour les prot\u00e9ger.<\/p>\n\n\n\n<p><strong>Nous voulons permettre \u00e0 toutes et \u00e0 tous d&rsquo;agir pour leur protection en installant des abris, en semant des fleurs pour les nourrir, et en sensibilisant sur l&rsquo;impact de nos habitudes de jardinage et de consommation.<\/strong><\/p>\n<\/div><figure class=\"wp-block-media-text__media\" style=\"background-image:url(https:\/\/beewild.be\/wp-content\/uploads\/2022\/03\/osmie-2643492-3-1024x683.jpg);background-position:53% 55%\"><img loading=\"lazy\" decoding=\"async\" width=\"1024\" height=\"683\" src=\"https:\/\/beewild.be\/wp-content\/uploads\/2022\/03\/osmie-2643492-3-1024x683.jpg\" alt=\"Les pollinisateurs sont \u00e0 la base de toute la biodiversit\" class=\"wp-image-173 size-large\" srcset=\"https:\/\/beewild.be\/wp-content\/uploads\/2022\/03\/osmie-2643492-3-1024x683.jpg 1024w, https:\/\/beewild.be\/wp-content\/uploads\/2022\/03\/osmie-2643492-3-300x200.jpg 300w, https:\/\/beewild.be\/wp-content\/uploads\/2022\/03\/osmie-2643492-3-768x512.jpg 768w, https:\/\/beewild.be\/wp-content\/uploads\/2022\/03\/osmie-2643492-3-1536x1024.jpg 1536w, https:\/\/beewild.be\/wp-content\/uploads\/2022\/03\/osmie-2643492-3-2048x1365.jpg 2048w\" sizes=\"auto, (max-width: 1024px) 100vw, 1024px\" \/><\/figure><\/div>\n\n\n\n<div style=\"height:60px\" aria-hidden=\"true\" class=\"wp-block-spacer\"><\/div>\n<\/div><\/div>\n\n\n\n<p><\/p>\n\n\n\n<p><\/p>\n\n\n\n<h2 class=\"wp-block-heading has-large-font-size\"><strong>Concr\u00e8tement Beewild propose:<\/strong><\/h2>\n\n\n\n<div style=\"height:60px\" aria-hidden=\"true\" class=\"wp-block-spacer\"><\/div>\n\n\n\n<ul class=\"wp-block-list\">\n<li class=\"has-medium-font-size\"><a href=\"https:\/\/beewild.be\/index.php\/amenagements-de-jardins\/\" data-type=\"page\" data-id=\"1184\">Des am\u00e9nagements de jardin<\/a> comprenant des semis, des plantations, et des menuiseries ext\u00e9rieures en bois<\/li>\n\n\n\n<li class=\"has-medium-font-size\"><a href=\"https:\/\/beewild.be\/index.php\/bacs-et-couches-de-plantation\/\" data-type=\"page\" data-id=\"1143\">Des bacs et couches de plantation<\/a> en bois<\/li>\n\n\n\n<li class=\"has-medium-font-size\"><a href=\"https:\/\/beewild.be\/index.php\/nos-realisations\/\" data-type=\"page\" data-id=\"312\">Des h\u00f4tels \u00e0 insectes<\/a><\/li>\n\n\n\n<li class=\"has-medium-font-size\"><a href=\"https:\/\/beewild.be\/index.php\/nos-realisations\/\" data-type=\"page\" data-id=\"312\">Des nichoirs et mangeoires pour les oiseaux<\/a><\/li>\n\n\n\n<li class=\"has-medium-font-size\">Des g\u00eetes pour chauves-souris<\/li>\n\n\n\n<li class=\"has-medium-font-size\"><a href=\"https:\/\/beewild.be\/\" data-type=\"page\" data-id=\"16\">Des ateliers scientifiques et p\u00e9dagogiques<\/a> \u00e0 destination des \u00e9coles, des communes, des associations ou groupes de citoyens, et du public de tous \u00e2ges lors d&rsquo;\u00e9v\u00e9nements.<\/li>\n<\/ul>\n\n\n\n<div style=\"height:60px\" aria-hidden=\"true\" class=\"wp-block-spacer\"><\/div>\n\n\n\n<h2 class=\"wp-block-heading has-large-font-size\">Info<\/h2>\n\n\n\n<p>Pour toute question, commande ou demande particuli\u00e8re, vous pouvez nous contacter via le bouton ci-dessous, nous y r\u00e9pondrons avec plaisir.<\/p>\n\n\n\n<div style=\"height:64px\" aria-hidden=\"true\" class=\"wp-block-spacer\"><\/div>\n\n\n\n<div class=\"wp-block-buttons is-content-justification-center is-layout-flex wp-container-core-buttons-is-layout-16018d1d wp-block-buttons-is-layout-flex\">\n<div class=\"wp-block-button has-custom-width wp-block-button__width-75\"><a class=\"wp-block-button__link has-white-color has-text-color has-background has-link-color has-text-align-center wp-element-button\" href=\"https:\/\/beewild.be\/index.php\/contact\/\" style=\"border-radius:30px;background-color:#3f873e\">Contactez-nous<\/a><\/div>\n<\/div>\n\n\n\n<p><\/p>\n\n\n\n<p><\/p>\n\n\n\n<div class=\"wp-block-columns is-layout-flex wp-container-core-columns-is-layout-9d6595d7 wp-block-columns-is-layout-flex\">\n<div class=\"wp-block-column is-layout-flow wp-block-column-is-layout-flow\" style=\"flex-basis:100%\"><\/div>\n<\/div>\n\n\n\n<figure class=\"wp-block-gallery has-nested-images columns-default is-cropped wp-block-gallery-1 is-layout-flex wp-block-gallery-is-layout-flex\">\n<figure class=\"wp-block-image size-large\"><img loading=\"lazy\" decoding=\"async\" width=\"1024\" height=\"681\" data-id=\"699\" src=\"https:\/\/beewild.be\/wp-content\/uploads\/2023\/12\/JPB6260-1024x681.jpg\" alt=\"\" class=\"wp-image-699\" srcset=\"https:\/\/beewild.be\/wp-content\/uploads\/2023\/12\/JPB6260-1024x681.jpg 1024w, https:\/\/beewild.be\/wp-content\/uploads\/2023\/12\/JPB6260-300x200.jpg 300w, https:\/\/beewild.be\/wp-content\/uploads\/2023\/12\/JPB6260-768x511.jpg 768w, https:\/\/beewild.be\/wp-content\/uploads\/2023\/12\/JPB6260-1536x1022.jpg 1536w, https:\/\/beewild.be\/wp-content\/uploads\/2023\/12\/JPB6260-2048x1363.jpg 2048w\" sizes=\"auto, (max-width: 1024px) 100vw, 1024px\" \/><figcaption class=\"wp-element-caption\">Atelier \u00e0 Ma Ferme<\/figcaption><\/figure>\n\n\n\n<figure class=\"wp-block-image size-large\"><img loading=\"lazy\" decoding=\"async\" width=\"1024\" height=\"680\" data-id=\"500\" src=\"https:\/\/beewild.be\/wp-content\/uploads\/2022\/06\/2-bee-4551496-txt-2-1024x680.jpg\" alt=\"wild bees abeilles sauvages pollinisateurs\" class=\"wp-image-500\" srcset=\"https:\/\/beewild.be\/wp-content\/uploads\/2022\/06\/2-bee-4551496-txt-2-1024x680.jpg 1024w, https:\/\/beewild.be\/wp-content\/uploads\/2022\/06\/2-bee-4551496-txt-2-300x199.jpg 300w, https:\/\/beewild.be\/wp-content\/uploads\/2022\/06\/2-bee-4551496-txt-2-768x510.jpg 768w, https:\/\/beewild.be\/wp-content\/uploads\/2022\/06\/2-bee-4551496-txt-2-1536x1020.jpg 1536w, https:\/\/beewild.be\/wp-content\/uploads\/2022\/06\/2-bee-4551496-txt-2-2048x1360.jpg 2048w\" sizes=\"auto, (max-width: 1024px) 100vw, 1024px\" \/><figcaption class=\"wp-element-caption\">Pas que les abeilles mellif\u00e8res<\/figcaption><\/figure>\n\n\n\n<figure class=\"wp-block-image size-large\"><img loading=\"lazy\" decoding=\"async\" width=\"151\" height=\"100\" data-id=\"335\" src=\"https:\/\/beewild.be\/wp-content\/uploads\/2022\/04\/insect-hotel-g1b42aeba1_1920.jpg\" alt=\"\" class=\"wp-image-335\"\/><figcaption class=\"wp-element-caption\">Osmie<\/figcaption><\/figure>\n\n\n\n<figure class=\"wp-block-image size-large\"><img loading=\"lazy\" decoding=\"async\" width=\"537\" height=\"742\" data-id=\"429\" src=\"https:\/\/beewild.be\/wp-content\/uploads\/2022\/05\/Screenshot-2022-05-07-at-00-28-06-164355-Flyer_Brochure_FR.indd-jardin-pour-abeilles-sauvages-terzo-vereecken.pdf.png\" alt=\"\" class=\"wp-image-429\" srcset=\"https:\/\/beewild.be\/wp-content\/uploads\/2022\/05\/Screenshot-2022-05-07-at-00-28-06-164355-Flyer_Brochure_FR.indd-jardin-pour-abeilles-sauvages-terzo-vereecken.pdf.png 537w, https:\/\/beewild.be\/wp-content\/uploads\/2022\/05\/Screenshot-2022-05-07-at-00-28-06-164355-Flyer_Brochure_FR.indd-jardin-pour-abeilles-sauvages-terzo-vereecken.pdf-217x300.png 217w\" sizes=\"auto, (max-width: 537px) 100vw, 537px\" \/><\/figure>\n\n\n\n<figure class=\"wp-block-image size-large\"><a href=\"https:\/\/beewild.be\/index.php\/les-hotels-a-insectes\/\"><img loading=\"lazy\" decoding=\"async\" width=\"768\" height=\"1024\" data-id=\"654\" src=\"https:\/\/beewild.be\/wp-content\/uploads\/2023\/05\/Hai-modele-2-Noir-768x1024.jpg\" alt=\"\" class=\"wp-image-654\" srcset=\"https:\/\/beewild.be\/wp-content\/uploads\/2023\/05\/Hai-modele-2-Noir-768x1024.jpg 768w, https:\/\/beewild.be\/wp-content\/uploads\/2023\/05\/Hai-modele-2-Noir-225x300.jpg 225w, https:\/\/beewild.be\/wp-content\/uploads\/2023\/05\/Hai-modele-2-Noir-1152x1536.jpg 1152w, https:\/\/beewild.be\/wp-content\/uploads\/2023\/05\/Hai-modele-2-Noir-1536x2048.jpg 1536w, https:\/\/beewild.be\/wp-content\/uploads\/2023\/05\/Hai-modele-2-Noir-scaled.jpg 1920w\" sizes=\"auto, (max-width: 768px) 100vw, 768px\" \/><\/a><\/figure>\n\n\n\n<figure class=\"wp-block-image size-large\"><img loading=\"lazy\" decoding=\"async\" width=\"1024\" height=\"768\" data-id=\"664\" src=\"https:\/\/beewild.be\/wp-content\/uploads\/2023\/10\/Hotel-a-insectes-Ecole-du-Verrewinkel-1-1024x768.jpg\" alt=\"\" class=\"wp-image-664\" srcset=\"https:\/\/beewild.be\/wp-content\/uploads\/2023\/10\/Hotel-a-insectes-Ecole-du-Verrewinkel-1-1024x768.jpg 1024w, https:\/\/beewild.be\/wp-content\/uploads\/2023\/10\/Hotel-a-insectes-Ecole-du-Verrewinkel-1-300x225.jpg 300w, https:\/\/beewild.be\/wp-content\/uploads\/2023\/10\/Hotel-a-insectes-Ecole-du-Verrewinkel-1-768x576.jpg 768w, https:\/\/beewild.be\/wp-content\/uploads\/2023\/10\/Hotel-a-insectes-Ecole-du-Verrewinkel-1-1536x1152.jpg 1536w, https:\/\/beewild.be\/wp-content\/uploads\/2023\/10\/Hotel-a-insectes-Ecole-du-Verrewinkel-1-2048x1536.jpg 2048w, https:\/\/beewild.be\/wp-content\/uploads\/2023\/10\/Hotel-a-insectes-Ecole-du-Verrewinkel-1-400x300.jpg 400w\" sizes=\"auto, (max-width: 1024px) 100vw, 1024px\" \/><figcaption class=\"wp-element-caption\">Atelier \u00e0 l&rsquo;\u00e9cole du Verrewinkel<\/figcaption><\/figure>\n\n\n\n<figure class=\"wp-block-image size-large\"><a href=\"https:\/\/beewild.be\/index.php\/nichoirs-et-mangeoires\/\"><img loading=\"lazy\" decoding=\"async\" width=\"1024\" height=\"768\" data-id=\"661\" src=\"https:\/\/beewild.be\/wp-content\/uploads\/2023\/10\/Mangeoire-avec-perchoirs-1-1024x768.jpg\" alt=\"\" class=\"wp-image-661\" srcset=\"https:\/\/beewild.be\/wp-content\/uploads\/2023\/10\/Mangeoire-avec-perchoirs-1-1024x768.jpg 1024w, https:\/\/beewild.be\/wp-content\/uploads\/2023\/10\/Mangeoire-avec-perchoirs-1-300x225.jpg 300w, https:\/\/beewild.be\/wp-content\/uploads\/2023\/10\/Mangeoire-avec-perchoirs-1-768x576.jpg 768w, https:\/\/beewild.be\/wp-content\/uploads\/2023\/10\/Mangeoire-avec-perchoirs-1-1536x1152.jpg 1536w, https:\/\/beewild.be\/wp-content\/uploads\/2023\/10\/Mangeoire-avec-perchoirs-1-400x300.jpg 400w, https:\/\/beewild.be\/wp-content\/uploads\/2023\/10\/Mangeoire-avec-perchoirs-1.jpg 2048w\" sizes=\"auto, (max-width: 1024px) 100vw, 1024px\" \/><\/a><figcaption class=\"wp-element-caption\">Une mangeoire pour observer les oiseaux en famille<\/figcaption><\/figure>\n\n\n\n<figure class=\"wp-block-image size-large\"><img loading=\"lazy\" decoding=\"async\" width=\"1024\" height=\"682\" data-id=\"592\" src=\"https:\/\/beewild.be\/wp-content\/uploads\/2023\/01\/Abeille-sauvage-2-visite-Apis-1024x682.jpg\" alt=\"\" class=\"wp-image-592\" srcset=\"https:\/\/beewild.be\/wp-content\/uploads\/2023\/01\/Abeille-sauvage-2-visite-Apis-1024x682.jpg 1024w, https:\/\/beewild.be\/wp-content\/uploads\/2023\/01\/Abeille-sauvage-2-visite-Apis-300x200.jpg 300w, https:\/\/beewild.be\/wp-content\/uploads\/2023\/01\/Abeille-sauvage-2-visite-Apis-768x512.jpg 768w, https:\/\/beewild.be\/wp-content\/uploads\/2023\/01\/Abeille-sauvage-2-visite-Apis-1536x1024.jpg 1536w, https:\/\/beewild.be\/wp-content\/uploads\/2023\/01\/Abeille-sauvage-2-visite-Apis-2048x1365.jpg 2048w\" sizes=\"auto, (max-width: 1024px) 100vw, 1024px\" \/><figcaption class=\"wp-element-caption\">D\u00e9couvertes avec Apis Bruoc Sella<\/figcaption><\/figure>\n\n\n\n<figure class=\"wp-block-image size-large\"><img loading=\"lazy\" decoding=\"async\" width=\"620\" height=\"1024\" data-id=\"493\" src=\"https:\/\/beewild.be\/wp-content\/uploads\/2022\/06\/Sachets-perso_Beewild-avec-photo-620x1024.jpg\" alt=\"\" class=\"wp-image-493\" srcset=\"https:\/\/beewild.be\/wp-content\/uploads\/2022\/06\/Sachets-perso_Beewild-avec-photo-620x1024.jpg 620w, https:\/\/beewild.be\/wp-content\/uploads\/2022\/06\/Sachets-perso_Beewild-avec-photo-182x300.jpg 182w, https:\/\/beewild.be\/wp-content\/uploads\/2022\/06\/Sachets-perso_Beewild-avec-photo-768x1269.jpg 768w, https:\/\/beewild.be\/wp-content\/uploads\/2022\/06\/Sachets-perso_Beewild-avec-photo-930x1536.jpg 930w, https:\/\/beewild.be\/wp-content\/uploads\/2022\/06\/Sachets-perso_Beewild-avec-photo.jpg 1123w\" sizes=\"auto, (max-width: 620px) 100vw, 620px\" \/><figcaption class=\"wp-element-caption\">Le g\u00eete et le couvert<\/figcaption><\/figure>\n<\/figure>\n\n\n\n<p class=\"has-large-font-size\"><\/p>\n\n\n\n<p class=\"has-large-font-size\"><\/p>\n\n\n\n<p class=\"has-large-font-size\"><\/p>\n\n\n\n<p><\/p>\n\n\n\n<p><\/p>\n\n\n\n<p><\/p>\n\n\n\n<p><\/p>\n\n\n\n<p><\/p>\n\n\n\n<p><\/p>\n\n\n\n<p><\/p>\n","protected":false},"excerpt":{"rendered":"<p>beewild bee wild abeilles sauvages bruxelles belgique environnement biodiversit\u00e9 oiseau oiseaux insectes protection nature h\u00f4tel \u00e0 insectes nichoir mangeoires g\u00eetes nourrir oiseaux nourrissage \u00e9t\u00e9 printemps hiver fleurs mellif\u00e8res facebook instagram PhilBeewild Phil Be<\/p>\n","protected":false},"author":1,"featured_media":0,"parent":0,"menu_order":0,"comment_status":"closed","ping_status":"closed","template":"","meta":{"footnotes":""},"class_list":["post-32","page","type-page","status-publish","hentry"],"_links":{"self":[{"href":"https:\/\/beewild.be\/index.php\/wp-json\/wp\/v2\/pages\/32","targetHints":{"allow":["GET"]}}],"collection":[{"href":"https:\/\/beewild.be\/index.php\/wp-json\/wp\/v2\/pages"}],"about":[{"href":"https:\/\/beewild.be\/index.php\/wp-json\/wp\/v2\/types\/page"}],"author":[{"embeddable":true,"href":"https:\/\/beewild.be\/index.php\/wp-json\/wp\/v2\/users\/1"}],"replies":[{"embeddable":true,"href":"https:\/\/beewild.be\/index.php\/wp-json\/wp\/v2\/comments?post=32"}],"version-history":[{"count":9,"href":"https:\/\/beewild.be\/index.php\/wp-json\/wp\/v2\/pages\/32\/revisions"}],"predecessor-version":[{"id":1643,"href":"https:\/\/beewild.be\/index.php\/wp-json\/wp\/v2\/pages\/32\/revisions\/1643"}],"wp:attachment":[{"href":"https:\/\/beewild.be\/index.php\/wp-json\/wp\/v2\/media?parent=32"}],"curies":[{"name":"wp","href":"https:\/\/api.w.org\/{rel}","templated":true}]}}